{"id":1737,"date":"2022-05-24T08:55:06","date_gmt":"2022-05-24T08:55:06","guid":{"rendered":"http:\/\/ilgiardinodiballaro.it\/contatti-e-informazioni.html"},"modified":"2026-02-24T08:23:19","modified_gmt":"2026-02-24T08:23:19","slug":"contatti-e-informazioni","status":"publish","type":"page","link":"https:\/\/www.ilgiardinodiballaro.it\/en\/contatti-e-informazioni.html","title":{"rendered":"Contatti"},"content":{"rendered":"\t\t<div data-elementor-type=\"wp-page\" data-elementor-id=\"1737\" class=\"elementor elementor-1737 elementor-100\" data-elementor-post-type=\"page\">\n\t\t\t\t\t\t<section class=\"elementor-section elementor-top-section elementor-element elementor-element-6b704a4d elementor-section-boxed elementor-section-height-default elementor-section-height-default\" data-id=\"6b704a4d\" data-element_type=\"section\" data-settings=\"{&quot;background_background&quot;:&quot;classic&quot;}\">\n\t\t\t\t\t\t<div class=\"elementor-container elementor-column-gap-default\">\n\t\t\t\t\t<div class=\"elementor-column elementor-col-100 elementor-top-column elementor-element elementor-element-3bd935d1\" data-id=\"3bd935d1\" data-element_type=\"column\">\n\t\t\t<div class=\"elementor-widget-wrap elementor-element-populated\">\n\t\t\t\t\t\t<div class=\"elementor-element elementor-element-675e417b elementor-widget elementor-widget-heading\" data-id=\"675e417b\" data-element_type=\"widget\" data-widget_type=\"heading.default\">\n\t\t\t\t<div class=\"elementor-widget-container\">\n\t\t\t\t\t<h1 class=\"elementor-heading-title elementor-size-default\">Contatta il Giardino di Ballar\u00f2 B&amp;B e luogo d'arte a Palermo<\/h1>\t\t\t\t<\/div>\n\t\t\t\t<\/div>\n\t\t\t\t\t<\/div>\n\t\t<\/div>\n\t\t\t\t\t<\/div>\n\t\t<\/section>\n\t\t\t\t<section class=\"elementor-section elementor-top-section elementor-element elementor-element-53ded828 elementor-section-boxed elementor-section-height-default elementor-section-height-default\" data-id=\"53ded828\" data-element_type=\"section\">\n\t\t\t\t\t\t<div class=\"elementor-container elementor-column-gap-default\">\n\t\t\t\t\t<div class=\"elementor-column elementor-col-100 elementor-top-column elementor-element elementor-element-41f9521\" data-id=\"41f9521\" data-element_type=\"column\">\n\t\t\t<div class=\"elementor-widget-wrap elementor-element-populated\">\n\t\t\t\t\t\t<div class=\"elementor-element elementor-element-1d837546 elementor-widget elementor-widget-heading\" data-id=\"1d837546\" data-element_type=\"widget\" data-widget_type=\"heading.default\">\n\t\t\t\t<div class=\"elementor-widget-container\">\n\t\t\t\t\t<h2 class=\"elementor-heading-title elementor-size-default\">Prenota la Tua camera direttamente dal nostro sito web per la miglior tariffa garantita<\/h2>\t\t\t\t<\/div>\n\t\t\t\t<\/div>\n\t\t\t\t\t<\/div>\n\t\t<\/div>\n\t\t\t\t\t<\/div>\n\t\t<\/section>\n\t\t\t\t<section class=\"elementor-section elementor-top-section elementor-element elementor-element-7a50e877 elementor-section-boxed elementor-section-height-default elementor-section-height-default\" data-id=\"7a50e877\" data-element_type=\"section\">\n\t\t\t\t\t\t<div class=\"elementor-container elementor-column-gap-default\">\n\t\t\t\t\t<div class=\"elementor-column elementor-col-100 elementor-top-column elementor-element elementor-element-5455717d\" data-id=\"5455717d\" data-element_type=\"column\">\n\t\t\t<div class=\"elementor-widget-wrap elementor-element-populated\">\n\t\t\t\t\t\t<div class=\"elementor-element elementor-element-2fb5aa17 elementor-widget elementor-widget-html\" data-id=\"2fb5aa17\" data-element_type=\"widget\" data-widget_type=\"html.default\">\n\t\t\t\t<div class=\"elementor-widget-container\">\n\t\t\t\t\t<div id=\"my_bbar\"> <\/div>\t\t\t\t<\/div>\n\t\t\t\t<\/div>\n\t\t\t\t\t<\/div>\n\t\t<\/div>\n\t\t\t\t\t<\/div>\n\t\t<\/section>\n\t\t\t\t<section class=\"elementor-section elementor-top-section elementor-element elementor-element-7c27972b elementor-section-full_width elementor-section-height-default elementor-section-height-default\" data-id=\"7c27972b\" data-element_type=\"section\">\n\t\t\t\t\t\t<div class=\"elementor-container elementor-column-gap-default\">\n\t\t\t\t\t<div class=\"elementor-column elementor-col-50 elementor-top-column elementor-element elementor-element-44404e54\" data-id=\"44404e54\" data-element_type=\"column\" data-settings=\"{&quot;background_background&quot;:&quot;classic&quot;}\">\n\t\t\t<div class=\"elementor-widget-wrap elementor-element-populated\">\n\t\t\t\t\t\t<div class=\"elementor-element elementor-element-d56292 elementor-widget__width-initial elementor-widget elementor-widget-heading\" data-id=\"d56292\" data-element_type=\"widget\" data-widget_type=\"heading.default\">\n\t\t\t\t<div class=\"elementor-widget-container\">\n\t\t\t\t\t<h2 class=\"elementor-heading-title elementor-size-default\">Contatti<\/h2>\t\t\t\t<\/div>\n\t\t\t\t<\/div>\n\t\t\t\t<div class=\"elementor-element elementor-element-1164d1be elementor-widget__width-initial elementor-widget elementor-widget-text-editor\" data-id=\"1164d1be\" data-element_type=\"widget\" data-widget_type=\"text-editor.default\">\n\t\t\t\t<div class=\"elementor-widget-container\">\n\t\t\t\t\t\t\t\t\t<p><strong>tel:<\/strong> (+39) 091 212215<\/p><p><strong>cell:<\/strong> (+39) 3793578649<\/p><p><strong>whatsapp:<\/strong> (+39) 3793578649<\/p><p><strong>mail:<\/strong> info@ilgiardinodiballaro.it<\/p><p><strong>indirizzo:<\/strong> via Porta di Castro 75-77 Palermo<\/p>\t\t\t\t\t\t\t\t<\/div>\n\t\t\t\t<\/div>\n\t\t\t\t\t<\/div>\n\t\t<\/div>\n\t\t\t\t<div class=\"elementor-column elementor-col-50 elementor-top-column elementor-element elementor-element-ba702c3\" data-id=\"ba702c3\" data-element_type=\"column\">\n\t\t\t<div class=\"elementor-widget-wrap elementor-element-populated\">\n\t\t\t\t\t\t<div class=\"elementor-element elementor-element-3f1a74ab elementor-widget__width-initial elementor-widget elementor-widget-shortcode\" data-id=\"3f1a74ab\" data-element_type=\"widget\" data-widget_type=\"shortcode.default\">\n\t\t\t\t<div class=\"elementor-widget-container\">\n\t\t\t\t\t\t\t<div class=\"elementor-shortcode\"><div class=\"wpforms-container wpforms-container-full\" id=\"wpforms-2032\"><form id=\"wpforms-form-2032\" class=\"wpforms-validate wpforms-form wpforms-ajax-form\" data-formid=\"2032\" method=\"post\" enctype=\"multipart\/form-data\" action=\"\/en\/wp-json\/wp\/v2\/pages\/1737\" data-token=\"aa2a2152f373bd193f3b725dd2067939\" data-token-time=\"1777472753\"><noscript class=\"wpforms-error-noscript\">Please enable JavaScript in your browser to complete this form.<\/noscript><div class=\"wpforms-field-container\"><div id=\"wpforms-2032-field_2-container\" class=\"wpforms-field wpforms-field-text\" data-field-id=\"2\"><label class=\"wpforms-field-label wpforms-label-hide\" for=\"wpforms-2032-field_2\">Nome <span class=\"wpforms-required-label\">*<\/span><\/label><input type=\"text\" id=\"wpforms-2032-field_2\" class=\"wpforms-field-large wpforms-field-required\" name=\"wpforms[fields][2]\" placeholder=\"Nome\" required><\/div><div id=\"wpforms-2032-field_4-container\" class=\"wpforms-field wpforms-field-email\" data-field-id=\"4\"><label class=\"wpforms-field-label wpforms-label-hide\" for=\"wpforms-2032-field_4\">Email <span class=\"wpforms-required-label\">*<\/span><\/label><input type=\"email\" id=\"wpforms-2032-field_4\" class=\"wpforms-field-large wpforms-field-required\" name=\"wpforms[fields][4]\" placeholder=\"Email\" spellcheck=\"false\" required><\/div><div id=\"wpforms-2032-field_5-container\" class=\"wpforms-field wpforms-field-text\" data-field-id=\"5\"><label class=\"wpforms-field-label wpforms-label-hide\" for=\"wpforms-2032-field_5\">Subject<\/label><input type=\"text\" id=\"wpforms-2032-field_5\" class=\"wpforms-field-large\" name=\"wpforms[fields][5]\" placeholder=\"Subject\" ><\/div><div id=\"wpforms-2032-field_6-container\" class=\"wpforms-field wpforms-field-textarea\" data-field-id=\"6\"><label class=\"wpforms-field-label wpforms-label-hide\" for=\"wpforms-2032-field_6\">Message <span class=\"wpforms-required-label\">*<\/span><\/label><textarea id=\"wpforms-2032-field_6\" class=\"wpforms-field-medium wpforms-field-required\" name=\"wpforms[fields][6]\" placeholder=\"Message\" required><\/textarea><\/div><div id=\"wpforms-2032-field_8-container\" class=\"wpforms-field wpforms-field-gdpr-checkbox\" data-field-id=\"8\"><label class=\"wpforms-field-label\">Accettazione GDPR <span class=\"wpforms-required-label\">*<\/span><\/label><ul id=\"wpforms-2032-field_8\" class=\"wpforms-field-required\"><li class=\"choice-1\"><input type=\"checkbox\" id=\"wpforms-2032-field_8_1\" name=\"wpforms[fields][8][]\" value=\"Acconsento al trattamento dei dati personali secondo le modalit\u00e0 illustrate nella nostra &lt;a href=&quot;\/privacy-policy.html&quot;&gt;Privacy policy&lt;\/a&gt;\" required ><label class=\"wpforms-field-label-inline\" for=\"wpforms-2032-field_8_1\">Acconsento al trattamento dei dati personali secondo le modalit\u00e0 illustrate nella nostra <a href=\"\/privacy-policy.html\">Privacy policy<\/a><\/label><\/li><\/ul><\/div><\/div><!-- .wpforms-field-container --><div class=\"wpforms-recaptcha-container wpforms-is-recaptcha wpforms-is-recaptcha-type-v2\" ><div class=\"g-recaptcha\" data-sitekey=\"6LfDAo0aAAAAAEqM8AYQmGmhAhTx3xaBNVhBJfH4\"><\/div><input type=\"text\" name=\"g-recaptcha-hidden\" class=\"wpforms-recaptcha-hidden\" style=\"position:absolute!important;clip:rect(0,0,0,0)!important;height:1px!important;width:1px!important;border:0!important;overflow:hidden!important;padding:0!important;margin:0!important;\" data-rule-recaptcha=\"1\"><\/div><div class=\"wpforms-submit-container\" ><input type=\"hidden\" name=\"wpforms[id]\" value=\"2032\"><input type=\"hidden\" name=\"page_title\" value=\"\"><input type=\"hidden\" name=\"page_url\" value=\"https:\/\/www.ilgiardinodiballaro.it\/en\/wp-json\/wp\/v2\/pages\/1737\"><button type=\"submit\" name=\"wpforms[submit]\" id=\"wpforms-submit-2032\" class=\"wpforms-submit\" data-alt-text=\"Invio in corso...\" data-submit-text=\"Invia\" aria-live=\"assertive\" value=\"wpforms-submit\">Invia<\/button><img decoding=\"async\" src=\"https:\/\/www.ilgiardinodiballaro.it\/wp-content\/plugins\/wpforms-lite\/assets\/images\/submit-spin.svg\" class=\"wpforms-submit-spinner\" style=\"display: none;\" width=\"26\" height=\"26\" alt=\"Loading\"><\/div><\/form><\/div>  <!-- .wpforms-container --><\/div>\n\t\t\t\t\t\t<\/div>\n\t\t\t\t<\/div>\n\t\t\t\t\t<\/div>\n\t\t<\/div>\n\t\t\t\t\t<\/div>\n\t\t<\/section>\n\t\t\t\t<section class=\"elementor-section elementor-top-section elementor-element elementor-element-32f2e31b elementor-section-full_width elementor-hidden-tablet elementor-hidden-mobile elementor-section-height-default elementor-section-height-default\" data-id=\"32f2e31b\" data-element_type=\"section\">\n\t\t\t\t\t\t<div class=\"elementor-container elementor-column-gap-default\">\n\t\t\t\t\t<div class=\"elementor-column elementor-col-50 elementor-top-column elementor-element elementor-element-12a010b2\" data-id=\"12a010b2\" data-element_type=\"column\">\n\t\t\t<div class=\"elementor-widget-wrap elementor-element-populated\">\n\t\t\t\t\t\t<div class=\"elementor-element elementor-element-1ce7b8e elementor-widget__width-initial elementor-widget elementor-widget-heading\" data-id=\"1ce7b8e\" data-element_type=\"widget\" data-widget_type=\"heading.default\">\n\t\t\t\t<div class=\"elementor-widget-container\">\n\t\t\t\t\t<h2 class=\"elementor-heading-title elementor-size-default\">Orari della Reception<\/h2>\t\t\t\t<\/div>\n\t\t\t\t<\/div>\n\t\t\t\t<div class=\"elementor-element elementor-element-4049e21 elementor-widget__width-initial elementor-widget elementor-widget-text-editor\" data-id=\"4049e21\" data-element_type=\"widget\" data-widget_type=\"text-editor.default\">\n\t\t\t\t<div class=\"elementor-widget-container\">\n\t\t\t\t\t\t\t\t\t<p><strong>Feriali:<\/strong> 8:00 \u2013 14:00 \/ 16:00 \u2013 20:00<\/p>\n<p><strong>Domenica e Festivi:<\/strong> 8:00 \u2013 14:00 \/ 19:00 \u2013 20:00e.<\/p>\n\t\t\t\t\t\t\t\t<\/div>\n\t\t\t\t<\/div>\n\t\t\t\t\t<\/div>\n\t\t<\/div>\n\t\t\t\t<div class=\"elementor-column elementor-col-50 elementor-top-column elementor-element elementor-element-2f1e2937\" data-id=\"2f1e2937\" data-element_type=\"column\" data-settings=\"{&quot;background_background&quot;:&quot;classic&quot;}\">\n\t\t\t<div class=\"elementor-widget-wrap elementor-element-populated\">\n\t\t\t\t\t\t<div class=\"elementor-element elementor-element-6b7a787a elementor-widget__width-initial elementor-widget elementor-widget-text-editor\" data-id=\"6b7a787a\" data-element_type=\"widget\" data-widget_type=\"text-editor.default\">\n\t\t\t\t<div class=\"elementor-widget-container\">\n\t\t\t\t\t\t\t\t\t<p>Se il vostro arrivo al Giardino di Ballar\u00f2 \u00e8 previsto al di fuori degli orari sopra indicati, contattateci.<\/p>\n\t\t\t\t\t\t\t\t<\/div>\n\t\t\t\t<\/div>\n\t\t\t\t\t<\/div>\n\t\t<\/div>\n\t\t\t\t\t<\/div>\n\t\t<\/section>\n\t\t\t\t<section class=\"elementor-section elementor-top-section elementor-element elementor-element-c50a31b elementor-section-full_width elementor-hidden-desktop elementor-section-height-default elementor-section-height-default\" data-id=\"c50a31b\" data-element_type=\"section\">\n\t\t\t\t\t\t<div class=\"elementor-container elementor-column-gap-default\">\n\t\t\t\t\t<div class=\"elementor-column elementor-col-50 elementor-top-column elementor-element elementor-element-fe37a08\" data-id=\"fe37a08\" data-element_type=\"column\" data-settings=\"{&quot;background_background&quot;:&quot;classic&quot;}\">\n\t\t\t<div class=\"elementor-widget-wrap elementor-element-populated\">\n\t\t\t\t\t\t<div class=\"elementor-element elementor-element-f102572 elementor-widget__width-initial elementor-widget elementor-widget-heading\" data-id=\"f102572\" data-element_type=\"widget\" data-widget_type=\"heading.default\">\n\t\t\t\t<div class=\"elementor-widget-container\">\n\t\t\t\t\t<h2 class=\"elementor-heading-title elementor-size-default\">Orari della Reception<\/h2>\t\t\t\t<\/div>\n\t\t\t\t<\/div>\n\t\t\t\t<div class=\"elementor-element elementor-element-a04bb33 elementor-widget__width-initial elementor-widget elementor-widget-text-editor\" data-id=\"a04bb33\" data-element_type=\"widget\" data-widget_type=\"text-editor.default\">\n\t\t\t\t<div class=\"elementor-widget-container\">\n\t\t\t\t\t\t\t\t\t<p><strong>Feriali:<\/strong> 8:00 \u2013 14:00 \/ 16:00 \u2013 20:00<\/p>\n<p><strong>Domenica e Festivi:<\/strong> 8:00 \u2013 14:00 \/ 19:00 \u2013 20:00e.<\/p>\n\t\t\t\t\t\t\t\t<\/div>\n\t\t\t\t<\/div>\n\t\t\t\t\t<\/div>\n\t\t<\/div>\n\t\t\t\t<div class=\"elementor-column elementor-col-50 elementor-top-column elementor-element elementor-element-2e14263\" data-id=\"2e14263\" data-element_type=\"column\" data-settings=\"{&quot;background_background&quot;:&quot;classic&quot;}\">\n\t\t\t<div class=\"elementor-widget-wrap elementor-element-populated\">\n\t\t\t\t\t\t<div class=\"elementor-element elementor-element-54a80c8 elementor-widget__width-initial elementor-widget elementor-widget-text-editor\" data-id=\"54a80c8\" data-element_type=\"widget\" data-widget_type=\"text-editor.default\">\n\t\t\t\t<div class=\"elementor-widget-container\">\n\t\t\t\t\t\t\t\t\t<p>Se il vostro arrivo al Giardino di Ballar\u00f2 \u00e8 previsto al di fuori degli orari sopra indicati, contattateci.<\/p>\n\t\t\t\t\t\t\t\t<\/div>\n\t\t\t\t<\/div>\n\t\t\t\t\t<\/div>\n\t\t<\/div>\n\t\t\t\t\t<\/div>\n\t\t<\/section>\n\t\t\t\t<section class=\"elementor-section elementor-top-section elementor-element elementor-element-2047ffd7 elementor-section-full_width elementor-section-height-default elementor-section-height-default\" data-id=\"2047ffd7\" data-element_type=\"section\">\n\t\t\t\t\t\t<div class=\"elementor-container elementor-column-gap-default\">\n\t\t\t\t\t<div class=\"elementor-column elementor-col-100 elementor-top-column elementor-element elementor-element-2cc1241b\" data-id=\"2cc1241b\" data-element_type=\"column\">\n\t\t\t<div class=\"elementor-widget-wrap elementor-element-populated\">\n\t\t\t\t\t\t<div class=\"elementor-element elementor-element-690036b7 elementor-widget elementor-widget-image\" data-id=\"690036b7\" data-element_type=\"widget\" data-widget_type=\"image.default\">\n\t\t\t\t<div class=\"elementor-widget-container\">\n\t\t\t\t\t\t\t\t\t\t\t\t\t\t\t<img fetchpriority=\"high\" decoding=\"async\" width=\"1920\" height=\"983\" src=\"https:\/\/www.ilgiardinodiballaro.it\/wp-content\/uploads\/2022\/06\/01-boutique-hotel.jpg\" class=\"attachment-full size-full wp-image-907\" alt=\"\" srcset=\"https:\/\/www.ilgiardinodiballaro.it\/wp-content\/uploads\/2022\/06\/01-boutique-hotel.jpg 1920w, https:\/\/www.ilgiardinodiballaro.it\/wp-content\/uploads\/2022\/06\/01-boutique-hotel-300x154.jpg 300w, https:\/\/www.ilgiardinodiballaro.it\/wp-content\/uploads\/2022\/06\/01-boutique-hotel-1024x524.jpg 1024w, https:\/\/www.ilgiardinodiballaro.it\/wp-content\/uploads\/2022\/06\/01-boutique-hotel-768x393.jpg 768w, https:\/\/www.ilgiardinodiballaro.it\/wp-content\/uploads\/2022\/06\/01-boutique-hotel-1536x786.jpg 1536w\" sizes=\"(max-width: 1920px) 100vw, 1920px\" \/>\t\t\t\t\t\t\t\t\t\t\t\t\t\t\t<\/div>\n\t\t\t\t<\/div>\n\t\t\t\t\t<\/div>\n\t\t<\/div>\n\t\t\t\t\t<\/div>\n\t\t<\/section>\n\t\t\t\t<section class=\"elementor-section elementor-top-section elementor-element elementor-element-1c3b0356 elementor-section-boxed elementor-section-height-default elementor-section-height-default\" data-id=\"1c3b0356\" data-element_type=\"section\">\n\t\t\t\t\t\t<div class=\"elementor-container elementor-column-gap-default\">\n\t\t\t\t\t<div class=\"elementor-column elementor-col-100 elementor-top-column elementor-element elementor-element-53b1b78b\" data-id=\"53b1b78b\" data-element_type=\"column\">\n\t\t\t<div class=\"elementor-widget-wrap elementor-element-populated\">\n\t\t\t\t\t\t<div class=\"elementor-element elementor-element-178c20b9 elementor-widget elementor-widget-heading\" data-id=\"178c20b9\" data-element_type=\"widget\" data-widget_type=\"heading.default\">\n\t\t\t\t<div class=\"elementor-widget-container\">\n\t\t\t\t\t<h2 class=\"elementor-heading-title elementor-size-default\">Ti aspettiamo<\/h2>\t\t\t\t<\/div>\n\t\t\t\t<\/div>\n\t\t\t\t<div class=\"elementor-element elementor-element-54f94abc elementor-widget elementor-widget-text-editor\" data-id=\"54f94abc\" data-element_type=\"widget\" data-widget_type=\"text-editor.default\">\n\t\t\t\t<div class=\"elementor-widget-container\">\n\t\t\t\t\t\t\t\t\t<p>Accogliere gli ospiti facendoli sentire come a casa \u00e8 una delle prerogative de Il Giardino di Ballar\u00f2. Annalise e Aurora, coadiuvate dallo staff del Il Giardino di Ballar\u00f2, sono a tua disposizione per rispondere a qualunque tipo di informazione e di richiesta sulla struttura, sulle camere, sui sevizi e sulla citt\u00e0.<\/p>\n<p>Il Giardino di Ballar\u00f2 ha un\u2019anima osmoticamente collegata con il cuore verace del centro storico di Palermo in cui si trova, che \u00e8 vita, suono e movimento. Saremo davvero lieti di proporti un\u2019esperienza di ospitalit\u00e0 calorosa, attenta e confortevole nel cuore pi\u00f9 autentico di Palermo. Prenota il tuo soggiorno, Ti aspettiamo!<\/p>\n\t\t\t\t\t\t\t\t<\/div>\n\t\t\t\t<\/div>\n\t\t\t\t\t<\/div>\n\t\t<\/div>\n\t\t\t\t\t<\/div>\n\t\t<\/section>\n\t\t\t\t<section class=\"elementor-section elementor-top-section elementor-element elementor-element-7c0100f4 elementor-section-full_width elementor-section-height-default elementor-section-height-default\" data-id=\"7c0100f4\" data-element_type=\"section\">\n\t\t\t\t\t\t<div class=\"elementor-container elementor-column-gap-default\">\n\t\t\t\t\t<div class=\"elementor-column elementor-col-50 elementor-top-column elementor-element elementor-element-3f45324d\" data-id=\"3f45324d\" data-element_type=\"column\">\n\t\t\t<div class=\"elementor-widget-wrap elementor-element-populated\">\n\t\t\t\t\t\t<div class=\"elementor-element elementor-element-8f5f6f2 elementor-widget elementor-widget-google_maps\" data-id=\"8f5f6f2\" data-element_type=\"widget\" data-widget_type=\"google_maps.default\">\n\t\t\t\t<div class=\"elementor-widget-container\">\n\t\t\t\t\t\t\t<div class=\"elementor-custom-embed\">\n\t\t\t<iframe loading=\"lazy\"\n\t\t\t\t\tsrc=\"https:\/\/maps.google.com\/maps?q=Via%20Porta%20di%20Castro%2075-77%20Palermo&#038;t=m&#038;z=15&#038;output=embed&#038;iwloc=near\"\n\t\t\t\t\ttitle=\"Via Porta di Castro 75-77 Palermo\"\n\t\t\t\t\taria-label=\"Via Porta di Castro 75-77 Palermo\"\n\t\t\t><\/iframe>\n\t\t<\/div>\n\t\t\t\t\t\t<\/div>\n\t\t\t\t<\/div>\n\t\t\t\t\t<\/div>\n\t\t<\/div>\n\t\t\t\t<div class=\"elementor-column elementor-col-50 elementor-top-column elementor-element elementor-element-9150548\" data-id=\"9150548\" data-element_type=\"column\" data-settings=\"{&quot;background_background&quot;:&quot;classic&quot;}\">\n\t\t\t<div class=\"elementor-widget-wrap elementor-element-populated\">\n\t\t\t\t\t\t<div class=\"elementor-element elementor-element-b874f8f elementor-widget__width-initial elementor-widget elementor-widget-heading\" data-id=\"b874f8f\" data-element_type=\"widget\" data-widget_type=\"heading.default\">\n\t\t\t\t<div class=\"elementor-widget-container\">\n\t\t\t\t\t<div class=\"elementor-heading-title elementor-size-default\">Scopri come raggiungerci<\/div>\t\t\t\t<\/div>\n\t\t\t\t<\/div>\n\t\t\t\t<div class=\"elementor-element elementor-element-af6b09d elementor-align-center elementor-widget elementor-widget-button\" data-id=\"af6b09d\" data-element_type=\"widget\" data-widget_type=\"button.default\">\n\t\t\t\t<div class=\"elementor-widget-container\">\n\t\t\t\t\t\t\t\t\t<div class=\"elementor-button-wrapper\">\n\t\t\t\t\t<a class=\"elementor-button elementor-button-link elementor-size-sm\" href=\"#\">\n\t\t\t\t\t\t<span class=\"elementor-button-content-wrapper\">\n\t\t\t\t\t\t\t\t\t<span class=\"elementor-button-text\">Scopri di pi\u00f9<\/span>\n\t\t\t\t\t<\/span>\n\t\t\t\t\t<\/a>\n\t\t\t\t<\/div>\n\t\t\t\t\t\t\t\t<\/div>\n\t\t\t\t<\/div>\n\t\t\t\t\t<\/div>\n\t\t<\/div>\n\t\t\t\t\t<\/div>\n\t\t<\/section>\n\t\t\t\t<section class=\"elementor-section elementor-top-section elementor-element elementor-element-7f983f4 elementor-section-boxed elementor-section-height-default elementor-section-height-default\" data-id=\"7f983f4\" data-element_type=\"section\" data-settings=\"{&quot;background_background&quot;:&quot;classic&quot;}\">\n\t\t\t\t\t\t<div class=\"elementor-container elementor-column-gap-default\">\n\t\t\t\t\t<div class=\"elementor-column elementor-col-100 elementor-top-column elementor-element elementor-element-28a93f05\" data-id=\"28a93f05\" data-element_type=\"column\">\n\t\t\t<div class=\"elementor-widget-wrap elementor-element-populated\">\n\t\t\t\t\t\t<div class=\"elementor-element elementor-element-3a1cbd38 elementor-widget elementor-widget-heading\" data-id=\"3a1cbd38\" data-element_type=\"widget\" data-widget_type=\"heading.default\">\n\t\t\t\t<div class=\"elementor-widget-container\">\n\t\t\t\t\t<h2 class=\"elementor-heading-title elementor-size-default\">Le recensioni degli ospiti<\/h2>\t\t\t\t<\/div>\n\t\t\t\t<\/div>\n\t\t\t\t<div class=\"elementor-element elementor-element-661346a0 elementor-testimonial--align-left elementor-testimonial--skin-default elementor-testimonial--layout-image_inline elementor-arrows-yes elementor-widget elementor-widget-testimonial-carousel\" data-id=\"661346a0\" data-element_type=\"widget\" data-settings=\"{&quot;slides_per_view&quot;:&quot;1&quot;,&quot;slides_to_scroll&quot;:&quot;1&quot;,&quot;show_arrows&quot;:&quot;yes&quot;,&quot;speed&quot;:500,&quot;autoplay&quot;:&quot;yes&quot;,&quot;autoplay_speed&quot;:5000,&quot;loop&quot;:&quot;yes&quot;,&quot;pause_on_hover&quot;:&quot;yes&quot;,&quot;pause_on_interaction&quot;:&quot;yes&quot;,&quot;space_between&quot;:{&quot;unit&quot;:&quot;px&quot;,&quot;size&quot;:10,&quot;sizes&quot;:[]},&quot;space_between_tablet&quot;:{&quot;unit&quot;:&quot;px&quot;,&quot;size&quot;:10,&quot;sizes&quot;:[]},&quot;space_between_mobile&quot;:{&quot;unit&quot;:&quot;px&quot;,&quot;size&quot;:10,&quot;sizes&quot;:[]}}\" data-widget_type=\"testimonial-carousel.default\">\n\t\t\t\t<div class=\"elementor-widget-container\">\n\t\t\t\t\t\t\t\t\t<div class=\"elementor-swiper\">\n\t\t\t\t\t<div class=\"elementor-main-swiper swiper\" role=\"region\" aria-roledescription=\"carousel\" aria-label=\"Slides\">\n\t\t\t\t<div class=\"swiper-wrapper\">\n\t\t\t\t\t\t\t\t\t\t\t<div class=\"swiper-slide\" role=\"group\" aria-roledescription=\"slide\">\n\t\t\t\t\t\t\t\t\t<div class=\"elementor-testimonial\">\n\t\t\t\t\t\t\t<div class=\"elementor-testimonial__content\">\n\t\t\t\t\t<div class=\"elementor-testimonial__text\">\n\t\t\t\t\t\t<p>\"Se vuoi vivere Palermo\"<br \/>\nPer raggiungere la struttura passi dal mercato, dai ritrovi di una Palermo vera colorata, chiassosa, dei panni stesi e delle urla delle mamme ma apri un portone ed entri in una Palermo signorile e accogliente. La volta in tufo seicentesca introduce in un ambiente accogliente ricco di divani e mobili di antiquariato ricavati dal vecchio forno di cui sono visibili alcune tracce...<\/p>\n\t\t\t\t\t<\/div>\n\t\t\t\t\t\t\t\t\t<\/div>\n\t\t\t\t\t\t<div class=\"elementor-testimonial__footer\">\n\t\t\t\t\t\t\t\t\t<div class=\"elementor-testimonial__image\">\n\t\t\t\t\t\t<img decoding=\"async\" src=\"http:\/\/ilgiardinodiballaro.it\/wp-content\/plugins\/elementor\/assets\/images\/placeholder.png\" alt=\"Maurizio P. | Como\">\n\t\t\t\t\t\t\t\t\t\t\t<\/div>\n\t\t\t\t\t\t\t\t<cite class=\"elementor-testimonial__cite\"><span class=\"elementor-testimonial__name\">Maurizio P. | Como<\/span><\/cite>\t\t\t<\/div>\n\t\t<\/div>\n\t\t\t\t\t\t\t\t<\/div>\n\t\t\t\t\t\t\t\t\t\t\t<div class=\"swiper-slide\" role=\"group\" aria-roledescription=\"slide\">\n\t\t\t\t\t\t\t\t\t<div class=\"elementor-testimonial\">\n\t\t\t\t\t\t\t<div class=\"elementor-testimonial__content\">\n\t\t\t\t\t<div class=\"elementor-testimonial__text\">\n\t\t\t\t\t\t<p>\u201cSe vuoi capire Palermo, questo \u00e8 il punto di partenza\u201d<br \/>\nE' un hotel nuovo e di quel mimimal chic siciliano che fa star bene, con un piccolo ma bel giardino, delle camere molto confortevoli e una eccellente colazione. Ma il bello \u00e8 che appena mettete piede fuori dall'hotel siete a Ballar\u00f2, cio\u00e8 il quartiere pi\u00f9 nero, confusionario, quasi allucinante e quindi divertentissimo della citt\u00e0...<\/p>\n\t\t\t\t\t<\/div>\n\t\t\t\t\t\t\t\t\t<\/div>\n\t\t\t\t\t\t<div class=\"elementor-testimonial__footer\">\n\t\t\t\t\t\t\t\t\t<div class=\"elementor-testimonial__image\">\n\t\t\t\t\t\t<img decoding=\"async\" src=\"http:\/\/ilgiardinodiballaro.it\/wp-content\/plugins\/elementor\/assets\/images\/placeholder.png\" alt=\"Francine H\u00f6nerth | Giethoorn\">\n\t\t\t\t\t\t\t\t\t\t\t<\/div>\n\t\t\t\t\t\t\t\t<cite class=\"elementor-testimonial__cite\"><span class=\"elementor-testimonial__name\">Francine H\u00f6nerth | Giethoorn<\/span><\/cite>\t\t\t<\/div>\n\t\t<\/div>\n\t\t\t\t\t\t\t\t<\/div>\n\t\t\t\t\t\t\t\t\t\t\t<div class=\"swiper-slide\" role=\"group\" aria-roledescription=\"slide\">\n\t\t\t\t\t\t\t\t\t<div class=\"elementor-testimonial\">\n\t\t\t\t\t\t\t<div class=\"elementor-testimonial__content\">\n\t\t\t\t\t<div class=\"elementor-testimonial__text\">\n\t\t\t\t\t\t<p>\u201cUna perla nel mercato\u201d<br \/>\nA pochi metri dal mercato di Ballar\u00f2, in pieno centro, c'\u00e8 questo bellissimo b&b. Siamo stati accolti con sorriso dal personale che gestisce questa magnifica struttura. Appena arrivati ci hanno regalato una mappa di Palermo e ci hanno dato degli ottimi consigli. Quartiere vivo come solo nella zona di mercati ( di tutto il mondo ) lo \u00e8. Le stanze sono arredate con gran gusto. ottima clientela...<\/p>\n\t\t\t\t\t<\/div>\n\t\t\t\t\t\t\t\t\t<\/div>\n\t\t\t\t\t\t<div class=\"elementor-testimonial__footer\">\n\t\t\t\t\t\t\t\t\t<div class=\"elementor-testimonial__image\">\n\t\t\t\t\t\t<img decoding=\"async\" src=\"http:\/\/ilgiardinodiballaro.it\/wp-content\/plugins\/elementor\/assets\/images\/placeholder.png\" alt=\"Emily Williams | San Diego\">\n\t\t\t\t\t\t\t\t\t\t\t<\/div>\n\t\t\t\t\t\t\t\t<cite class=\"elementor-testimonial__cite\"><span class=\"elementor-testimonial__name\">Emily Williams | San Diego<\/span><\/cite>\t\t\t<\/div>\n\t\t<\/div>\n\t\t\t\t\t\t\t\t<\/div>\n\t\t\t\t\t\t\t\t\t\t\t<div class=\"swiper-slide\" role=\"group\" aria-roledescription=\"slide\">\n\t\t\t\t\t\t\t\t\t<div class=\"elementor-testimonial\">\n\t\t\t\t\t\t\t<div class=\"elementor-testimonial__content\">\n\t\t\t\t\t<div class=\"elementor-testimonial__text\">\n\t\t\t\t\t\t<p>\u201cUn\u2019oasi di pace nel cuore di Ballar\u00f2\u201d<br \/>\nSono felice di avere scelto per il mio soggiorno a Palermo il B&B \"Il giardino di Ballar\u00f3\"...un'oasi di pace nella caotica quotidianit\u00e0 del quartiere, molto pulito, confortevole e davvero charmant. Oggetti d'arte arredano gli ampi spazi comuni, donando un tocco di originalit\u00e0 e classe. Le camere sono ampie, comode e silenziose...<\/p>\n\t\t\t\t\t<\/div>\n\t\t\t\t\t\t\t\t\t<\/div>\n\t\t\t\t\t\t<div class=\"elementor-testimonial__footer\">\n\t\t\t\t\t\t\t\t<cite class=\"elementor-testimonial__cite\"><span class=\"elementor-testimonial__name\">Carla e Paolo | Firenze<\/span><\/cite>\t\t\t<\/div>\n\t\t<\/div>\n\t\t\t\t\t\t\t\t<\/div>\n\t\t\t\t\t\t\t\t\t<\/div>\n\t\t\t\t\t\t\t\t\t\t\t\t\t\t\t\t\t\t\t\t<div class=\"elementor-swiper-button elementor-swiper-button-prev\" role=\"button\" tabindex=\"0\" aria-label=\"Previous\">\n\t\t\t\t\t\t\t<i aria-hidden=\"true\" class=\"eicon-chevron-left\"><\/i>\t\t\t\t\t\t<\/div>\n\t\t\t\t\t\t<div class=\"elementor-swiper-button elementor-swiper-button-next\" role=\"button\" tabindex=\"0\" aria-label=\"Next\">\n\t\t\t\t\t\t\t<i aria-hidden=\"true\" class=\"eicon-chevron-right\"><\/i>\t\t\t\t\t\t<\/div>\n\t\t\t\t\t\t\t\t\t\t\t\t<\/div>\n\t\t\t\t<\/div>\n\t\t\t\t\t\t\t\t<\/div>\n\t\t\t\t<\/div>\n\t\t\t\t\t<\/div>\n\t\t<\/div>\n\t\t\t\t\t<\/div>\n\t\t<\/section>\n\t\t\t\t<section class=\"elementor-section elementor-top-section elementor-element elementor-element-7c3e40ee elementor-section-boxed elementor-section-height-default elementor-section-height-default\" data-id=\"7c3e40ee\" data-element_type=\"section\">\n\t\t\t\t\t\t<div class=\"elementor-container elementor-column-gap-default\">\n\t\t\t\t\t<div class=\"elementor-column elementor-col-100 elementor-top-column elementor-element elementor-element-31a8ca9b\" data-id=\"31a8ca9b\" data-element_type=\"column\">\n\t\t\t<div class=\"elementor-widget-wrap elementor-element-populated\">\n\t\t\t\t\t\t<div class=\"elementor-element elementor-element-511fdb7c elementor-widget elementor-widget-heading\" data-id=\"511fdb7c\" data-element_type=\"widget\" data-widget_type=\"heading.default\">\n\t\t\t\t<div class=\"elementor-widget-container\">\n\t\t\t\t\t<h2 class=\"elementor-heading-title elementor-size-default\">Offerte e Last Minute<\/h2>\t\t\t\t<\/div>\n\t\t\t\t<\/div>\n\t\t\t\t\t<\/div>\n\t\t<\/div>\n\t\t\t\t\t<\/div>\n\t\t<\/section>\n\t\t\t\t<section class=\"elementor-section elementor-top-section elementor-element elementor-element-40c5787 elementor-section-boxed elementor-section-height-default elementor-section-height-default\" data-id=\"40c5787\" data-element_type=\"section\">\n\t\t\t\t\t\t<div class=\"elementor-container elementor-column-gap-default\">\n\t\t\t\t\t<div class=\"elementor-column elementor-col-100 elementor-top-column elementor-element elementor-element-84eaf24\" data-id=\"84eaf24\" data-element_type=\"column\">\n\t\t\t<div class=\"elementor-widget-wrap elementor-element-populated\">\n\t\t\t\t\t\t<div class=\"elementor-element elementor-element-1699e27d elementor-widget elementor-widget-html\" data-id=\"1699e27d\" data-element_type=\"widget\" data-widget_type=\"html.default\">\n\t\t\t\t<div class=\"elementor-widget-container\">\n\t\t\t\t\t<div id=\"bmg_div1\"><\/div>\t\t\t\t<\/div>\n\t\t\t\t<\/div>\n\t\t\t\t\t<\/div>\n\t\t<\/div>\n\t\t\t\t\t<\/div>\n\t\t<\/section>\n\t\t\t\t<\/div>\n\t\t","protected":false},"excerpt":{"rendered":"<p>Contatta il Giardino di Ballar\u00f2 B&amp;B e luogo d&#8217;arte a Palermo Prenota la Tua camera direttamente dal nostro sito web per la miglior tariffa garantita Contatti tel: (+39) 091 212215 cell: (+39) 3793578649 whatsapp: (+39) 3793578649 mail: info@ilgiardinodiballaro.it indirizzo: via Porta di Castro 75-77 Palermo Orari della Reception Feriali: 8:00 \u2013 14:00 \/ 16:00 \u2013 &#8230; <a title=\"Contatti\" class=\"read-more\" href=\"https:\/\/www.ilgiardinodiballaro.it\/en\/contatti-e-informazioni.html\" aria-label=\"Read more about Contatti\">Read more<\/a><\/p>\n","protected":false},"author":1,"featured_media":0,"parent":0,"menu_order":0,"comment_status":"closed","ping_status":"closed","template":"","meta":{"footnotes":""},"class_list":["post-1737","page","type-page","status-publish"],"yoast_head":"<!-- This site is optimized with the Yoast SEO plugin v24.1 - https:\/\/yoast.com\/wordpress\/plugins\/seo\/ -->\n<title>Contatti - B&amp;B a Palermo Il Giardino di Ballar\u00f2<\/title>\n<meta name=\"robots\" content=\"index, follow, max-snippet:-1, max-image-preview:large, max-video-preview:-1\" \/>\n<link rel=\"canonical\" href=\"https:\/\/www.ilgiardinodiballaro.it\/en\/contatti-e-informazioni.html\" \/>\n<meta property=\"og:locale\" content=\"en_US\" \/>\n<meta property=\"og:type\" content=\"article\" \/>\n<meta property=\"og:title\" content=\"Contatti - B&amp;B a Palermo Il Giardino di Ballar\u00f2\" \/>\n<meta property=\"og:description\" content=\"Contatta il Giardino di Ballar\u00f2 B&amp;B e luogo d&#8217;arte a Palermo Prenota la Tua camera direttamente dal nostro sito web per la miglior tariffa garantita Contatti tel: (+39) 091 212215 cell: (+39) 3793578649 whatsapp: (+39) 3793578649 mail: info@ilgiardinodiballaro.it indirizzo: via Porta di Castro 75-77 Palermo Orari della Reception Feriali: 8:00 \u2013 14:00 \/ 16:00 \u2013 ... Read more\" \/>\n<meta property=\"og:url\" content=\"https:\/\/www.ilgiardinodiballaro.it\/en\/contatti-e-informazioni.html\" \/>\n<meta property=\"og:site_name\" content=\"B&amp;B a Palermo Il Giardino di Ballar\u00f2\" \/>\n<meta property=\"article:modified_time\" content=\"2026-02-24T08:23:19+00:00\" \/>\n<meta property=\"og:image\" content=\"https:\/\/www.ilgiardinodiballaro.it\/wp-content\/uploads\/2022\/06\/01-boutique-hotel.jpg\" \/>\n<meta name=\"twitter:card\" content=\"summary_large_image\" \/>\n<meta name=\"twitter:label1\" content=\"Est. reading time\" \/>\n\t<meta name=\"twitter:data1\" content=\"2 minutes\" \/>\n<script type=\"application\/ld+json\" class=\"yoast-schema-graph\">{\"@context\":\"https:\/\/schema.org\",\"@graph\":[{\"@type\":\"WebPage\",\"@id\":\"https:\/\/www.ilgiardinodiballaro.it\/en\/contatti-e-informazioni.html\",\"url\":\"https:\/\/www.ilgiardinodiballaro.it\/en\/contatti-e-informazioni.html\",\"name\":\"Contatti - B&amp;B a Palermo Il Giardino di Ballar\u00f2\",\"isPartOf\":{\"@id\":\"https:\/\/www.ilgiardinodiballaro.it\/#website\"},\"primaryImageOfPage\":{\"@id\":\"https:\/\/www.ilgiardinodiballaro.it\/en\/contatti-e-informazioni.html#primaryimage\"},\"image\":{\"@id\":\"https:\/\/www.ilgiardinodiballaro.it\/en\/contatti-e-informazioni.html#primaryimage\"},\"thumbnailUrl\":\"https:\/\/www.ilgiardinodiballaro.it\/wp-content\/uploads\/2022\/06\/01-boutique-hotel.jpg\",\"datePublished\":\"2022-05-24T08:55:06+00:00\",\"dateModified\":\"2026-02-24T08:23:19+00:00\",\"breadcrumb\":{\"@id\":\"https:\/\/www.ilgiardinodiballaro.it\/en\/contatti-e-informazioni.html#breadcrumb\"},\"inLanguage\":\"en-US\",\"potentialAction\":[{\"@type\":\"ReadAction\",\"target\":[\"https:\/\/www.ilgiardinodiballaro.it\/en\/contatti-e-informazioni.html\"]}]},{\"@type\":\"ImageObject\",\"inLanguage\":\"en-US\",\"@id\":\"https:\/\/www.ilgiardinodiballaro.it\/en\/contatti-e-informazioni.html#primaryimage\",\"url\":\"https:\/\/www.ilgiardinodiballaro.it\/wp-content\/uploads\/2022\/06\/01-boutique-hotel.jpg\",\"contentUrl\":\"https:\/\/www.ilgiardinodiballaro.it\/wp-content\/uploads\/2022\/06\/01-boutique-hotel.jpg\"},{\"@type\":\"BreadcrumbList\",\"@id\":\"https:\/\/www.ilgiardinodiballaro.it\/en\/contatti-e-informazioni.html#breadcrumb\",\"itemListElement\":[{\"@type\":\"ListItem\",\"position\":1,\"name\":\"Home\",\"item\":\"https:\/\/www.ilgiardinodiballaro.it\/en\"},{\"@type\":\"ListItem\",\"position\":2,\"name\":\"Contatti\"}]},{\"@type\":\"WebSite\",\"@id\":\"https:\/\/www.ilgiardinodiballaro.it\/#website\",\"url\":\"https:\/\/www.ilgiardinodiballaro.it\/\",\"name\":\"B&B a Palermo Il Giardino di Ballar\u00f2\",\"description\":\"Bed and Breakfast di charme nel centro storico di Palermo\",\"publisher\":{\"@id\":\"https:\/\/www.ilgiardinodiballaro.it\/#organization\"},\"alternateName\":\"Il Giardino di Ballar\u00f2\",\"potentialAction\":[{\"@type\":\"SearchAction\",\"target\":{\"@type\":\"EntryPoint\",\"urlTemplate\":\"https:\/\/www.ilgiardinodiballaro.it\/?s={search_term_string}\"},\"query-input\":{\"@type\":\"PropertyValueSpecification\",\"valueRequired\":true,\"valueName\":\"search_term_string\"}}],\"inLanguage\":\"en-US\"},{\"@type\":\"Organization\",\"@id\":\"https:\/\/www.ilgiardinodiballaro.it\/#organization\",\"name\":\"Il Giardino di Ballar\u00f2 - B&B a Palermo\",\"url\":\"https:\/\/www.ilgiardinodiballaro.it\/\",\"logo\":{\"@type\":\"ImageObject\",\"inLanguage\":\"en-US\",\"@id\":\"https:\/\/www.ilgiardinodiballaro.it\/#\/schema\/logo\/image\/\",\"url\":\"https:\/\/www.ilgiardinodiballaro.it\/wp-content\/uploads\/2022\/05\/logo-bb_il-giardino-di-ballar-footer.png\",\"contentUrl\":\"https:\/\/www.ilgiardinodiballaro.it\/wp-content\/uploads\/2022\/05\/logo-bb_il-giardino-di-ballar-footer.png\",\"width\":800,\"height\":526,\"caption\":\"Il Giardino di Ballar\u00f2 - B&B a Palermo\"},\"image\":{\"@id\":\"https:\/\/www.ilgiardinodiballaro.it\/#\/schema\/logo\/image\/\"}}]}<\/script>\n<!-- \/ Yoast SEO plugin. -->","yoast_head_json":{"title":"Contatti - B&amp;B a Palermo Il Giardino di Ballar\u00f2","robots":{"index":"index","follow":"follow","max-snippet":"max-snippet:-1","max-image-preview":"max-image-preview:large","max-video-preview":"max-video-preview:-1"},"canonical":"https:\/\/www.ilgiardinodiballaro.it\/en\/contatti-e-informazioni.html","og_locale":"en_US","og_type":"article","og_title":"Contatti - B&amp;B a Palermo Il Giardino di Ballar\u00f2","og_description":"Contatta il Giardino di Ballar\u00f2 B&amp;B e luogo d&#8217;arte a Palermo Prenota la Tua camera direttamente dal nostro sito web per la miglior tariffa garantita Contatti tel: (+39) 091 212215 cell: (+39) 3793578649 whatsapp: (+39) 3793578649 mail: info@ilgiardinodiballaro.it indirizzo: via Porta di Castro 75-77 Palermo Orari della Reception Feriali: 8:00 \u2013 14:00 \/ 16:00 \u2013 ... Read more","og_url":"https:\/\/www.ilgiardinodiballaro.it\/en\/contatti-e-informazioni.html","og_site_name":"B&amp;B a Palermo Il Giardino di Ballar\u00f2","article_modified_time":"2026-02-24T08:23:19+00:00","og_image":[{"url":"https:\/\/www.ilgiardinodiballaro.it\/wp-content\/uploads\/2022\/06\/01-boutique-hotel.jpg","type":"","width":"","height":""}],"twitter_card":"summary_large_image","twitter_misc":{"Est. reading time":"2 minutes"},"schema":{"@context":"https:\/\/schema.org","@graph":[{"@type":"WebPage","@id":"https:\/\/www.ilgiardinodiballaro.it\/en\/contatti-e-informazioni.html","url":"https:\/\/www.ilgiardinodiballaro.it\/en\/contatti-e-informazioni.html","name":"Contatti - B&amp;B a Palermo Il Giardino di Ballar\u00f2","isPartOf":{"@id":"https:\/\/www.ilgiardinodiballaro.it\/#website"},"primaryImageOfPage":{"@id":"https:\/\/www.ilgiardinodiballaro.it\/en\/contatti-e-informazioni.html#primaryimage"},"image":{"@id":"https:\/\/www.ilgiardinodiballaro.it\/en\/contatti-e-informazioni.html#primaryimage"},"thumbnailUrl":"https:\/\/www.ilgiardinodiballaro.it\/wp-content\/uploads\/2022\/06\/01-boutique-hotel.jpg","datePublished":"2022-05-24T08:55:06+00:00","dateModified":"2026-02-24T08:23:19+00:00","breadcrumb":{"@id":"https:\/\/www.ilgiardinodiballaro.it\/en\/contatti-e-informazioni.html#breadcrumb"},"inLanguage":"en-US","potentialAction":[{"@type":"ReadAction","target":["https:\/\/www.ilgiardinodiballaro.it\/en\/contatti-e-informazioni.html"]}]},{"@type":"ImageObject","inLanguage":"en-US","@id":"https:\/\/www.ilgiardinodiballaro.it\/en\/contatti-e-informazioni.html#primaryimage","url":"https:\/\/www.ilgiardinodiballaro.it\/wp-content\/uploads\/2022\/06\/01-boutique-hotel.jpg","contentUrl":"https:\/\/www.ilgiardinodiballaro.it\/wp-content\/uploads\/2022\/06\/01-boutique-hotel.jpg"},{"@type":"BreadcrumbList","@id":"https:\/\/www.ilgiardinodiballaro.it\/en\/contatti-e-informazioni.html#breadcrumb","itemListElement":[{"@type":"ListItem","position":1,"name":"Home","item":"https:\/\/www.ilgiardinodiballaro.it\/en"},{"@type":"ListItem","position":2,"name":"Contatti"}]},{"@type":"WebSite","@id":"https:\/\/www.ilgiardinodiballaro.it\/#website","url":"https:\/\/www.ilgiardinodiballaro.it\/","name":"B&B a Palermo Il Giardino di Ballar\u00f2","description":"Bed and Breakfast di charme nel centro storico di Palermo","publisher":{"@id":"https:\/\/www.ilgiardinodiballaro.it\/#organization"},"alternateName":"Il Giardino di Ballar\u00f2","potentialAction":[{"@type":"SearchAction","target":{"@type":"EntryPoint","urlTemplate":"https:\/\/www.ilgiardinodiballaro.it\/?s={search_term_string}"},"query-input":{"@type":"PropertyValueSpecification","valueRequired":true,"valueName":"search_term_string"}}],"inLanguage":"en-US"},{"@type":"Organization","@id":"https:\/\/www.ilgiardinodiballaro.it\/#organization","name":"Il Giardino di Ballar\u00f2 - B&B a Palermo","url":"https:\/\/www.ilgiardinodiballaro.it\/","logo":{"@type":"ImageObject","inLanguage":"en-US","@id":"https:\/\/www.ilgiardinodiballaro.it\/#\/schema\/logo\/image\/","url":"https:\/\/www.ilgiardinodiballaro.it\/wp-content\/uploads\/2022\/05\/logo-bb_il-giardino-di-ballar-footer.png","contentUrl":"https:\/\/www.ilgiardinodiballaro.it\/wp-content\/uploads\/2022\/05\/logo-bb_il-giardino-di-ballar-footer.png","width":800,"height":526,"caption":"Il Giardino di Ballar\u00f2 - B&B a Palermo"},"image":{"@id":"https:\/\/www.ilgiardinodiballaro.it\/#\/schema\/logo\/image\/"}}]}},"_links":{"self":[{"href":"https:\/\/www.ilgiardinodiballaro.it\/en\/wp-json\/wp\/v2\/pages\/1737","targetHints":{"allow":["GET"]}}],"collection":[{"href":"https:\/\/www.ilgiardinodiballaro.it\/en\/wp-json\/wp\/v2\/pages"}],"about":[{"href":"https:\/\/www.ilgiardinodiballaro.it\/en\/wp-json\/wp\/v2\/types\/page"}],"author":[{"embeddable":true,"href":"https:\/\/www.ilgiardinodiballaro.it\/en\/wp-json\/wp\/v2\/users\/1"}],"replies":[{"embeddable":true,"href":"https:\/\/www.ilgiardinodiballaro.it\/en\/wp-json\/wp\/v2\/comments?post=1737"}],"version-history":[{"count":4,"href":"https:\/\/www.ilgiardinodiballaro.it\/en\/wp-json\/wp\/v2\/pages\/1737\/revisions"}],"predecessor-version":[{"id":2312,"href":"https:\/\/www.ilgiardinodiballaro.it\/en\/wp-json\/wp\/v2\/pages\/1737\/revisions\/2312"}],"wp:attachment":[{"href":"https:\/\/www.ilgiardinodiballaro.it\/en\/wp-json\/wp\/v2\/media?parent=1737"}],"curies":[{"name":"wp","href":"https:\/\/api.w.org\/{rel}","templated":true}]}}