{"id":1573,"date":"2022-05-24T08:31:41","date_gmt":"2022-05-24T08:31:41","guid":{"rendered":"http:\/\/ilgiardinodiballaro.it\/vicino-corso-calatafimi.html"},"modified":"2023-01-10T08:47:13","modified_gmt":"2023-01-10T08:47:13","slug":"vicino-corso-calatafimi","status":"publish","type":"page","link":"https:\/\/www.ilgiardinodiballaro.it\/en\/vicino-corso-calatafimi.html","title":{"rendered":"Vicino Corso Calatafimi"},"content":{"rendered":"\t\t<div data-elementor-type=\"wp-page\" data-elementor-id=\"1573\" class=\"elementor elementor-1573 elementor-48\" data-elementor-post-type=\"page\">\n\t\t\t\t\t\t<section class=\"elementor-section elementor-top-section elementor-element elementor-element-3d00aa35 elementor-section-boxed elementor-section-height-default elementor-section-height-default\" data-id=\"3d00aa35\" data-element_type=\"section\" data-settings=\"{&quot;background_background&quot;:&quot;classic&quot;}\">\n\t\t\t\t\t\t<div class=\"elementor-container elementor-column-gap-default\">\n\t\t\t\t\t<div class=\"elementor-column elementor-col-100 elementor-top-column elementor-element elementor-element-11a67955\" data-id=\"11a67955\" data-element_type=\"column\">\n\t\t\t<div class=\"elementor-widget-wrap elementor-element-populated\">\n\t\t\t\t\t\t<div class=\"elementor-element elementor-element-49810a3d elementor-widget elementor-widget-heading\" data-id=\"49810a3d\" data-element_type=\"widget\" data-widget_type=\"heading.default\">\n\t\t\t\t<div class=\"elementor-widget-container\">\n\t\t\t\t\t<h1 class=\"elementor-heading-title elementor-size-default\">B&amp;B near Corso Calatafimi <br> Il Giardino di Ballar\u00f2<\/h1>\t\t\t\t<\/div>\n\t\t\t\t<\/div>\n\t\t\t\t\t<\/div>\n\t\t<\/div>\n\t\t\t\t\t<\/div>\n\t\t<\/section>\n\t\t\t\t<section class=\"elementor-section elementor-top-section elementor-element elementor-element-1a1ad2ed elementor-section-boxed elementor-section-height-default elementor-section-height-default\" data-id=\"1a1ad2ed\" data-element_type=\"section\">\n\t\t\t\t\t\t<div class=\"elementor-container elementor-column-gap-default\">\n\t\t\t\t\t<div class=\"elementor-column elementor-col-100 elementor-top-column elementor-element elementor-element-4453f4c9\" data-id=\"4453f4c9\" data-element_type=\"column\">\n\t\t\t<div class=\"elementor-widget-wrap elementor-element-populated\">\n\t\t\t\t\t\t<div class=\"elementor-element elementor-element-6c2b48fe elementor-widget elementor-widget-heading\" data-id=\"6c2b48fe\" data-element_type=\"widget\" data-widget_type=\"heading.default\">\n\t\t\t\t<div class=\"elementor-widget-container\">\n\t\t\t\t\t<h2 class=\"elementor-heading-title elementor-size-default\">Book directly through our website to use the best available rate<\/h2>\t\t\t\t<\/div>\n\t\t\t\t<\/div>\n\t\t\t\t\t<\/div>\n\t\t<\/div>\n\t\t\t\t\t<\/div>\n\t\t<\/section>\n\t\t\t\t<section class=\"elementor-section elementor-top-section elementor-element elementor-element-5de3ac0b elementor-section-boxed elementor-section-height-default elementor-section-height-default\" data-id=\"5de3ac0b\" data-element_type=\"section\">\n\t\t\t\t\t\t<div class=\"elementor-container elementor-column-gap-default\">\n\t\t\t\t\t<div class=\"elementor-column elementor-col-100 elementor-top-column elementor-element elementor-element-16463edb\" data-id=\"16463edb\" data-element_type=\"column\">\n\t\t\t<div class=\"elementor-widget-wrap elementor-element-populated\">\n\t\t\t\t\t\t<div class=\"elementor-element elementor-element-191681dd elementor-widget elementor-widget-html\" data-id=\"191681dd\" data-element_type=\"widget\" data-widget_type=\"html.default\">\n\t\t\t\t<div class=\"elementor-widget-container\">\n\t\t\t\t\t<div id=\"my_bbar\"> <\/div>\t\t\t\t<\/div>\n\t\t\t\t<\/div>\n\t\t\t\t\t<\/div>\n\t\t<\/div>\n\t\t\t\t\t<\/div>\n\t\t<\/section>\n\t\t\t\t<section class=\"elementor-section elementor-top-section elementor-element elementor-element-7a1bf44c elementor-section-full_width elementor-section-height-default elementor-section-height-default\" data-id=\"7a1bf44c\" data-element_type=\"section\">\n\t\t\t\t\t\t<div class=\"elementor-container elementor-column-gap-default\">\n\t\t\t\t\t<div class=\"elementor-column elementor-col-100 elementor-top-column elementor-element elementor-element-17dfdb5f\" data-id=\"17dfdb5f\" data-element_type=\"column\">\n\t\t\t<div class=\"elementor-widget-wrap elementor-element-populated\">\n\t\t\t\t\t\t<div class=\"elementor-element elementor-element-7c87a576 elementor-widget elementor-widget-image\" data-id=\"7c87a576\" data-element_type=\"widget\" data-widget_type=\"image.default\">\n\t\t\t\t<div class=\"elementor-widget-container\">\n\t\t\t\t\t\t\t\t\t\t\t\t\t\t\t<img fetchpriority=\"high\" decoding=\"async\" width=\"1920\" height=\"983\" src=\"https:\/\/www.ilgiardinodiballaro.it\/wp-content\/uploads\/2022\/11\/01-corso-calatafimi-1920.jpg\" class=\"attachment-full size-full wp-image-1542\" alt=\"\" srcset=\"https:\/\/www.ilgiardinodiballaro.it\/wp-content\/uploads\/2022\/11\/01-corso-calatafimi-1920.jpg 1920w, https:\/\/www.ilgiardinodiballaro.it\/wp-content\/uploads\/2022\/11\/01-corso-calatafimi-1920-300x154.jpg 300w, https:\/\/www.ilgiardinodiballaro.it\/wp-content\/uploads\/2022\/11\/01-corso-calatafimi-1920-1024x524.jpg 1024w, https:\/\/www.ilgiardinodiballaro.it\/wp-content\/uploads\/2022\/11\/01-corso-calatafimi-1920-768x393.jpg 768w, https:\/\/www.ilgiardinodiballaro.it\/wp-content\/uploads\/2022\/11\/01-corso-calatafimi-1920-1536x786.jpg 1536w\" sizes=\"(max-width: 1920px) 100vw, 1920px\" \/>\t\t\t\t\t\t\t\t\t\t\t\t\t\t\t<\/div>\n\t\t\t\t<\/div>\n\t\t\t\t\t<\/div>\n\t\t<\/div>\n\t\t\t\t\t<\/div>\n\t\t<\/section>\n\t\t\t\t<section class=\"elementor-section elementor-top-section elementor-element elementor-element-6c1daf93 elementor-section-boxed elementor-section-height-default elementor-section-height-default\" data-id=\"6c1daf93\" data-element_type=\"section\">\n\t\t\t\t\t\t<div class=\"elementor-container elementor-column-gap-default\">\n\t\t\t\t\t<div class=\"elementor-column elementor-col-100 elementor-top-column elementor-element elementor-element-63caa110\" data-id=\"63caa110\" data-element_type=\"column\">\n\t\t\t<div class=\"elementor-widget-wrap elementor-element-populated\">\n\t\t\t\t\t\t<div class=\"elementor-element elementor-element-4e961124 elementor-widget elementor-widget-heading\" data-id=\"4e961124\" data-element_type=\"widget\" data-widget_type=\"heading.default\">\n\t\t\t\t<div class=\"elementor-widget-container\">\n\t\t\t\t\t<h2 class=\"elementor-heading-title elementor-size-default\">B&amp;B Il Giardino di Ballar\u00f2, a few minutes walking from Corso Calatafimi and Caserma Tukory<\/h2>\t\t\t\t<\/div>\n\t\t\t\t<\/div>\n\t\t\t\t<div class=\"elementor-element elementor-element-386d97b9 elementor-widget elementor-widget-text-editor\" data-id=\"386d97b9\" data-element_type=\"widget\" data-widget_type=\"text-editor.default\">\n\t\t\t\t<div class=\"elementor-widget-container\">\n\t\t\t\t\t\t\t\t\t<p>If your goal is to find a b&amp;b in Palermo near Corso Calatafimi, you&#8217;ve come to the right place! Perhaps you are a volunteer in the Italian Army and will have to go to the Tukory Barracks for VFP selection. You might take advantage of your free time for a short visit to Palermo&#8217;s historic center.<\/p><p>The Ballar\u00f2 Garden is a good choice because from here you will have everything within easy walking distance. The military barracks Tukory is slightly more than a 15- minute walk away, so you don&#8217;t need to use public transportation to get there.<\/p><p>And once you have some free time you can move to the historic center to visit the city or just relax while enjoying one of Palermo&#8217;s many typical desserts. Il Giardino di Ballar\u00f2 is a b&amp;b in Palermo near the Caserma Tukory. By choosing our facility you can stay in a top quality bed and breakfast, whose rooms are equipped with all comforts.<\/p>\t\t\t\t\t\t\t\t<\/div>\n\t\t\t\t<\/div>\n\t\t\t\t\t<\/div>\n\t\t<\/div>\n\t\t\t\t\t<\/div>\n\t\t<\/section>\n\t\t\t\t<section class=\"elementor-section elementor-top-section elementor-element elementor-element-5074067f elementor-section-boxed elementor-section-height-default elementor-section-height-default\" data-id=\"5074067f\" data-element_type=\"section\" data-settings=\"{&quot;background_background&quot;:&quot;classic&quot;}\">\n\t\t\t\t\t\t<div class=\"elementor-container elementor-column-gap-default\">\n\t\t\t\t\t<div class=\"elementor-column elementor-col-100 elementor-top-column elementor-element elementor-element-13cc29e7\" data-id=\"13cc29e7\" data-element_type=\"column\">\n\t\t\t<div class=\"elementor-widget-wrap elementor-element-populated\">\n\t\t\t\t\t\t<div class=\"elementor-element elementor-element-7042a9df elementor-widget elementor-widget-heading\" data-id=\"7042a9df\" data-element_type=\"widget\" data-widget_type=\"heading.default\">\n\t\t\t\t<div class=\"elementor-widget-container\">\n\t\t\t\t\t<h2 class=\"elementor-heading-title elementor-size-default\">Le recensioni degli ospiti<\/h2>\t\t\t\t<\/div>\n\t\t\t\t<\/div>\n\t\t\t\t<div class=\"elementor-element elementor-element-3b769086 elementor-testimonial--align-left elementor-testimonial--skin-default elementor-testimonial--layout-image_inline elementor-arrows-yes elementor-widget elementor-widget-testimonial-carousel\" data-id=\"3b769086\" data-element_type=\"widget\" data-settings=\"{&quot;slides_per_view&quot;:&quot;1&quot;,&quot;slides_to_scroll&quot;:&quot;1&quot;,&quot;show_arrows&quot;:&quot;yes&quot;,&quot;speed&quot;:500,&quot;autoplay&quot;:&quot;yes&quot;,&quot;autoplay_speed&quot;:5000,&quot;loop&quot;:&quot;yes&quot;,&quot;pause_on_hover&quot;:&quot;yes&quot;,&quot;pause_on_interaction&quot;:&quot;yes&quot;,&quot;space_between&quot;:{&quot;unit&quot;:&quot;px&quot;,&quot;size&quot;:10,&quot;sizes&quot;:[]},&quot;space_between_tablet&quot;:{&quot;unit&quot;:&quot;px&quot;,&quot;size&quot;:10,&quot;sizes&quot;:[]},&quot;space_between_mobile&quot;:{&quot;unit&quot;:&quot;px&quot;,&quot;size&quot;:10,&quot;sizes&quot;:[]}}\" data-widget_type=\"testimonial-carousel.default\">\n\t\t\t\t<div class=\"elementor-widget-container\">\n\t\t\t\t\t\t\t\t\t<div class=\"elementor-swiper\">\n\t\t\t\t\t<div class=\"elementor-main-swiper swiper\" role=\"region\" aria-roledescription=\"carousel\" aria-label=\"Slides\">\n\t\t\t\t<div class=\"swiper-wrapper\">\n\t\t\t\t\t\t\t\t\t\t\t<div class=\"swiper-slide\" role=\"group\" aria-roledescription=\"slide\">\n\t\t\t\t\t\t\t\t\t<div class=\"elementor-testimonial\">\n\t\t\t\t\t\t\t<div class=\"elementor-testimonial__content\">\n\t\t\t\t\t<div class=\"elementor-testimonial__text\">\n\t\t\t\t\t\t<p>\"Se vuoi vivere Palermo\"<br \/>\nPer raggiungere la struttura passi dal mercato, dai ritrovi di una Palermo vera colorata, chiassosa, dei panni stesi e delle urla delle mamme ma apri un portone ed entri in una Palermo signorile e accogliente. La volta in tufo seicentesca introduce in un ambiente accogliente ricco di divani e mobili di antiquariato ricavati dal vecchio forno di cui sono visibili alcune tracce...<\/p>\n\t\t\t\t\t<\/div>\n\t\t\t\t\t\t\t\t\t<\/div>\n\t\t\t\t\t\t<div class=\"elementor-testimonial__footer\">\n\t\t\t\t\t\t\t\t\t<div class=\"elementor-testimonial__image\">\n\t\t\t\t\t\t<img decoding=\"async\" src=\"http:\/\/ilgiardinodiballaro.it\/wp-content\/plugins\/elementor\/assets\/images\/placeholder.png\" alt=\"Maurizio P. | Como\">\n\t\t\t\t\t\t\t\t\t\t\t<\/div>\n\t\t\t\t\t\t\t\t<cite class=\"elementor-testimonial__cite\"><span class=\"elementor-testimonial__name\">Maurizio P. | Como<\/span><\/cite>\t\t\t<\/div>\n\t\t<\/div>\n\t\t\t\t\t\t\t\t<\/div>\n\t\t\t\t\t\t\t\t\t\t\t<div class=\"swiper-slide\" role=\"group\" aria-roledescription=\"slide\">\n\t\t\t\t\t\t\t\t\t<div class=\"elementor-testimonial\">\n\t\t\t\t\t\t\t<div class=\"elementor-testimonial__content\">\n\t\t\t\t\t<div class=\"elementor-testimonial__text\">\n\t\t\t\t\t\t<p>\u201cSe vuoi capire Palermo, questo \u00e8 il punto di partenza\u201d<br \/>\nE' un hotel nuovo e di quel mimimal chic siciliano che fa star bene, con un piccolo ma bel giardino, delle camere molto confortevoli e una eccellente colazione. Ma il bello \u00e8 che appena mettete piede fuori dall'hotel siete a Ballar\u00f2, cio\u00e8 il quartiere pi\u00f9 nero, confusionario, quasi allucinante e quindi divertentissimo della citt\u00e0...<\/p>\n\t\t\t\t\t<\/div>\n\t\t\t\t\t\t\t\t\t<\/div>\n\t\t\t\t\t\t<div class=\"elementor-testimonial__footer\">\n\t\t\t\t\t\t\t\t\t<div class=\"elementor-testimonial__image\">\n\t\t\t\t\t\t<img decoding=\"async\" src=\"http:\/\/ilgiardinodiballaro.it\/wp-content\/plugins\/elementor\/assets\/images\/placeholder.png\" alt=\"Francine H\u00f6nerth | Giethoorn\">\n\t\t\t\t\t\t\t\t\t\t\t<\/div>\n\t\t\t\t\t\t\t\t<cite class=\"elementor-testimonial__cite\"><span class=\"elementor-testimonial__name\">Francine H\u00f6nerth | Giethoorn<\/span><\/cite>\t\t\t<\/div>\n\t\t<\/div>\n\t\t\t\t\t\t\t\t<\/div>\n\t\t\t\t\t\t\t\t\t\t\t<div class=\"swiper-slide\" role=\"group\" aria-roledescription=\"slide\">\n\t\t\t\t\t\t\t\t\t<div class=\"elementor-testimonial\">\n\t\t\t\t\t\t\t<div class=\"elementor-testimonial__content\">\n\t\t\t\t\t<div class=\"elementor-testimonial__text\">\n\t\t\t\t\t\t<p>\u201cUna perla nel mercato\u201d<br \/>\nA pochi metri dal mercato di Ballar\u00f2, in pieno centro, c'\u00e8 questo bellissimo b&amp;b. Siamo stati accolti con sorriso dal personale che gestisce questa magnifica struttura. Appena arrivati ci hanno regalato una mappa di Palermo e ci hanno dato degli ottimi consigli. Quartiere vivo come solo nella zona di mercati ( di tutto il mondo ) lo \u00e8. Le stanze sono arredate con gran gusto. ottima clientela...<\/p>\n\t\t\t\t\t<\/div>\n\t\t\t\t\t\t\t\t\t<\/div>\n\t\t\t\t\t\t<div class=\"elementor-testimonial__footer\">\n\t\t\t\t\t\t\t\t\t<div class=\"elementor-testimonial__image\">\n\t\t\t\t\t\t<img decoding=\"async\" src=\"http:\/\/ilgiardinodiballaro.it\/wp-content\/plugins\/elementor\/assets\/images\/placeholder.png\" alt=\"Emily Williams | San Diego\">\n\t\t\t\t\t\t\t\t\t\t\t<\/div>\n\t\t\t\t\t\t\t\t<cite class=\"elementor-testimonial__cite\"><span class=\"elementor-testimonial__name\">Emily Williams | San Diego<\/span><\/cite>\t\t\t<\/div>\n\t\t<\/div>\n\t\t\t\t\t\t\t\t<\/div>\n\t\t\t\t\t\t\t\t\t\t\t<div class=\"swiper-slide\" role=\"group\" aria-roledescription=\"slide\">\n\t\t\t\t\t\t\t\t\t<div class=\"elementor-testimonial\">\n\t\t\t\t\t\t\t<div class=\"elementor-testimonial__content\">\n\t\t\t\t\t<div class=\"elementor-testimonial__text\">\n\t\t\t\t\t\t<p>\u201cUn\u2019oasi di pace nel cuore di Ballar\u00f2\u201d<br \/>\nSono felice di avere scelto per il mio soggiorno a Palermo il B&amp;B \"Il giardino di Ballar\u00f3\"...un'oasi di pace nella caotica quotidianit\u00e0 del quartiere, molto pulito, confortevole e davvero charmant. Oggetti d'arte arredano gli ampi spazi comuni, donando un tocco di originalit\u00e0 e classe. Le camere sono ampie, comode e silenziose...<\/p>\n\t\t\t\t\t<\/div>\n\t\t\t\t\t\t\t\t\t<\/div>\n\t\t\t\t\t\t<div class=\"elementor-testimonial__footer\">\n\t\t\t\t\t\t\t\t<cite class=\"elementor-testimonial__cite\"><span class=\"elementor-testimonial__name\">Carla e Paolo | Firenze<\/span><\/cite>\t\t\t<\/div>\n\t\t<\/div>\n\t\t\t\t\t\t\t\t<\/div>\n\t\t\t\t\t\t\t\t\t<\/div>\n\t\t\t\t\t\t\t\t\t\t\t\t\t\t\t\t\t\t\t\t<div class=\"elementor-swiper-button elementor-swiper-button-prev\" role=\"button\" tabindex=\"0\" aria-label=\"Previous\">\n\t\t\t\t\t\t\t<i aria-hidden=\"true\" class=\"eicon-chevron-left\"><\/i>\t\t\t\t\t\t<\/div>\n\t\t\t\t\t\t<div class=\"elementor-swiper-button elementor-swiper-button-next\" role=\"button\" tabindex=\"0\" aria-label=\"Next\">\n\t\t\t\t\t\t\t<i aria-hidden=\"true\" class=\"eicon-chevron-right\"><\/i>\t\t\t\t\t\t<\/div>\n\t\t\t\t\t\t\t\t\t\t\t\t<\/div>\n\t\t\t\t<\/div>\n\t\t\t\t\t\t\t\t<\/div>\n\t\t\t\t<\/div>\n\t\t\t\t\t<\/div>\n\t\t<\/div>\n\t\t\t\t\t<\/div>\n\t\t<\/section>\n\t\t\t\t<\/div>\n\t\t","protected":false},"excerpt":{"rendered":"<p>B&amp;B near Corso Calatafimi Il Giardino di Ballar\u00f2 Book directly through our website to use the best available rate B&amp;B Il Giardino di Ballar\u00f2, a few minutes walking from Corso Calatafimi and Caserma Tukory If your goal is to find a b&amp;b in Palermo near Corso Calatafimi, you&#8217;ve come to the right place! Perhaps you &#8230; <a title=\"Vicino Corso Calatafimi\" class=\"read-more\" href=\"https:\/\/www.ilgiardinodiballaro.it\/en\/vicino-corso-calatafimi.html\" aria-label=\"Read more about Vicino Corso Calatafimi\">Read more<\/a><\/p>\n","protected":false},"author":1,"featured_media":0,"parent":0,"menu_order":0,"comment_status":"closed","ping_status":"closed","template":"","meta":{"footnotes":""},"class_list":["post-1573","page","type-page","status-publish"],"yoast_head":"<!-- This site is optimized with the Yoast SEO plugin v24.1 - https:\/\/yoast.com\/wordpress\/plugins\/seo\/ -->\n<title>Vicino Corso Calatafimi - B&amp;B a Palermo Il Giardino di Ballar\u00f2<\/title>\n<meta name=\"robots\" content=\"index, follow, max-snippet:-1, max-image-preview:large, max-video-preview:-1\" \/>\n<link rel=\"canonical\" href=\"https:\/\/www.ilgiardinodiballaro.it\/en\/vicino-corso-calatafimi.html\" \/>\n<meta property=\"og:locale\" content=\"en_US\" \/>\n<meta property=\"og:type\" content=\"article\" \/>\n<meta property=\"og:title\" content=\"Vicino Corso Calatafimi - B&amp;B a Palermo Il Giardino di Ballar\u00f2\" \/>\n<meta property=\"og:description\" content=\"B&amp;B near Corso Calatafimi Il Giardino di Ballar\u00f2 Book directly through our website to use the best available rate B&amp;B Il Giardino di Ballar\u00f2, a few minutes walking from Corso Calatafimi and Caserma Tukory If your goal is to find a b&amp;b in Palermo near Corso Calatafimi, you&#8217;ve come to the right place! Perhaps you ... Read more\" \/>\n<meta property=\"og:url\" content=\"https:\/\/www.ilgiardinodiballaro.it\/en\/vicino-corso-calatafimi.html\" \/>\n<meta property=\"og:site_name\" content=\"B&amp;B a Palermo Il Giardino di Ballar\u00f2\" \/>\n<meta property=\"article:modified_time\" content=\"2023-01-10T08:47:13+00:00\" \/>\n<meta property=\"og:image\" content=\"http:\/\/ilgiardinodiballaro.it\/wp-content\/uploads\/2022\/11\/01-corso-calatafimi-1920.jpg\" \/>\n<meta name=\"twitter:card\" content=\"summary_large_image\" \/>\n<meta name=\"twitter:label1\" content=\"Est. reading time\" \/>\n\t<meta name=\"twitter:data1\" content=\"2 minutes\" \/>\n<script type=\"application\/ld+json\" class=\"yoast-schema-graph\">{\"@context\":\"https:\/\/schema.org\",\"@graph\":[{\"@type\":\"WebPage\",\"@id\":\"https:\/\/www.ilgiardinodiballaro.it\/en\/vicino-corso-calatafimi.html\",\"url\":\"https:\/\/www.ilgiardinodiballaro.it\/en\/vicino-corso-calatafimi.html\",\"name\":\"Vicino Corso Calatafimi - B&amp;B a Palermo Il Giardino di Ballar\u00f2\",\"isPartOf\":{\"@id\":\"https:\/\/www.ilgiardinodiballaro.it\/#website\"},\"primaryImageOfPage\":{\"@id\":\"https:\/\/www.ilgiardinodiballaro.it\/en\/vicino-corso-calatafimi.html#primaryimage\"},\"image\":{\"@id\":\"https:\/\/www.ilgiardinodiballaro.it\/en\/vicino-corso-calatafimi.html#primaryimage\"},\"thumbnailUrl\":\"http:\/\/ilgiardinodiballaro.it\/wp-content\/uploads\/2022\/11\/01-corso-calatafimi-1920.jpg\",\"datePublished\":\"2022-05-24T08:31:41+00:00\",\"dateModified\":\"2023-01-10T08:47:13+00:00\",\"breadcrumb\":{\"@id\":\"https:\/\/www.ilgiardinodiballaro.it\/en\/vicino-corso-calatafimi.html#breadcrumb\"},\"inLanguage\":\"en-US\",\"potentialAction\":[{\"@type\":\"ReadAction\",\"target\":[\"https:\/\/www.ilgiardinodiballaro.it\/en\/vicino-corso-calatafimi.html\"]}]},{\"@type\":\"ImageObject\",\"inLanguage\":\"en-US\",\"@id\":\"https:\/\/www.ilgiardinodiballaro.it\/en\/vicino-corso-calatafimi.html#primaryimage\",\"url\":\"http:\/\/ilgiardinodiballaro.it\/wp-content\/uploads\/2022\/11\/01-corso-calatafimi-1920.jpg\",\"contentUrl\":\"http:\/\/ilgiardinodiballaro.it\/wp-content\/uploads\/2022\/11\/01-corso-calatafimi-1920.jpg\"},{\"@type\":\"BreadcrumbList\",\"@id\":\"https:\/\/www.ilgiardinodiballaro.it\/en\/vicino-corso-calatafimi.html#breadcrumb\",\"itemListElement\":[{\"@type\":\"ListItem\",\"position\":1,\"name\":\"Home\",\"item\":\"https:\/\/www.ilgiardinodiballaro.it\/en\"},{\"@type\":\"ListItem\",\"position\":2,\"name\":\"Vicino Corso Calatafimi\"}]},{\"@type\":\"WebSite\",\"@id\":\"https:\/\/www.ilgiardinodiballaro.it\/#website\",\"url\":\"https:\/\/www.ilgiardinodiballaro.it\/\",\"name\":\"B&B a Palermo Il Giardino di Ballar\u00f2\",\"description\":\"Bed and Breakfast di charme nel centro storico di Palermo\",\"publisher\":{\"@id\":\"https:\/\/www.ilgiardinodiballaro.it\/#organization\"},\"alternateName\":\"Il Giardino di Ballar\u00f2\",\"potentialAction\":[{\"@type\":\"SearchAction\",\"target\":{\"@type\":\"EntryPoint\",\"urlTemplate\":\"https:\/\/www.ilgiardinodiballaro.it\/?s={search_term_string}\"},\"query-input\":{\"@type\":\"PropertyValueSpecification\",\"valueRequired\":true,\"valueName\":\"search_term_string\"}}],\"inLanguage\":\"en-US\"},{\"@type\":\"Organization\",\"@id\":\"https:\/\/www.ilgiardinodiballaro.it\/#organization\",\"name\":\"Il Giardino di Ballar\u00f2 - B&B a Palermo\",\"url\":\"https:\/\/www.ilgiardinodiballaro.it\/\",\"logo\":{\"@type\":\"ImageObject\",\"inLanguage\":\"en-US\",\"@id\":\"https:\/\/www.ilgiardinodiballaro.it\/#\/schema\/logo\/image\/\",\"url\":\"https:\/\/www.ilgiardinodiballaro.it\/wp-content\/uploads\/2022\/05\/logo-bb_il-giardino-di-ballar-footer.png\",\"contentUrl\":\"https:\/\/www.ilgiardinodiballaro.it\/wp-content\/uploads\/2022\/05\/logo-bb_il-giardino-di-ballar-footer.png\",\"width\":800,\"height\":526,\"caption\":\"Il Giardino di Ballar\u00f2 - B&B a Palermo\"},\"image\":{\"@id\":\"https:\/\/www.ilgiardinodiballaro.it\/#\/schema\/logo\/image\/\"}}]}<\/script>\n<!-- \/ Yoast SEO plugin. -->","yoast_head_json":{"title":"Vicino Corso Calatafimi - B&amp;B a Palermo Il Giardino di Ballar\u00f2","robots":{"index":"index","follow":"follow","max-snippet":"max-snippet:-1","max-image-preview":"max-image-preview:large","max-video-preview":"max-video-preview:-1"},"canonical":"https:\/\/www.ilgiardinodiballaro.it\/en\/vicino-corso-calatafimi.html","og_locale":"en_US","og_type":"article","og_title":"Vicino Corso Calatafimi - B&amp;B a Palermo Il Giardino di Ballar\u00f2","og_description":"B&amp;B near Corso Calatafimi Il Giardino di Ballar\u00f2 Book directly through our website to use the best available rate B&amp;B Il Giardino di Ballar\u00f2, a few minutes walking from Corso Calatafimi and Caserma Tukory If your goal is to find a b&amp;b in Palermo near Corso Calatafimi, you&#8217;ve come to the right place! Perhaps you ... Read more","og_url":"https:\/\/www.ilgiardinodiballaro.it\/en\/vicino-corso-calatafimi.html","og_site_name":"B&amp;B a Palermo Il Giardino di Ballar\u00f2","article_modified_time":"2023-01-10T08:47:13+00:00","og_image":[{"url":"http:\/\/ilgiardinodiballaro.it\/wp-content\/uploads\/2022\/11\/01-corso-calatafimi-1920.jpg","type":"","width":"","height":""}],"twitter_card":"summary_large_image","twitter_misc":{"Est. reading time":"2 minutes"},"schema":{"@context":"https:\/\/schema.org","@graph":[{"@type":"WebPage","@id":"https:\/\/www.ilgiardinodiballaro.it\/en\/vicino-corso-calatafimi.html","url":"https:\/\/www.ilgiardinodiballaro.it\/en\/vicino-corso-calatafimi.html","name":"Vicino Corso Calatafimi - B&amp;B a Palermo Il Giardino di Ballar\u00f2","isPartOf":{"@id":"https:\/\/www.ilgiardinodiballaro.it\/#website"},"primaryImageOfPage":{"@id":"https:\/\/www.ilgiardinodiballaro.it\/en\/vicino-corso-calatafimi.html#primaryimage"},"image":{"@id":"https:\/\/www.ilgiardinodiballaro.it\/en\/vicino-corso-calatafimi.html#primaryimage"},"thumbnailUrl":"http:\/\/ilgiardinodiballaro.it\/wp-content\/uploads\/2022\/11\/01-corso-calatafimi-1920.jpg","datePublished":"2022-05-24T08:31:41+00:00","dateModified":"2023-01-10T08:47:13+00:00","breadcrumb":{"@id":"https:\/\/www.ilgiardinodiballaro.it\/en\/vicino-corso-calatafimi.html#breadcrumb"},"inLanguage":"en-US","potentialAction":[{"@type":"ReadAction","target":["https:\/\/www.ilgiardinodiballaro.it\/en\/vicino-corso-calatafimi.html"]}]},{"@type":"ImageObject","inLanguage":"en-US","@id":"https:\/\/www.ilgiardinodiballaro.it\/en\/vicino-corso-calatafimi.html#primaryimage","url":"http:\/\/ilgiardinodiballaro.it\/wp-content\/uploads\/2022\/11\/01-corso-calatafimi-1920.jpg","contentUrl":"http:\/\/ilgiardinodiballaro.it\/wp-content\/uploads\/2022\/11\/01-corso-calatafimi-1920.jpg"},{"@type":"BreadcrumbList","@id":"https:\/\/www.ilgiardinodiballaro.it\/en\/vicino-corso-calatafimi.html#breadcrumb","itemListElement":[{"@type":"ListItem","position":1,"name":"Home","item":"https:\/\/www.ilgiardinodiballaro.it\/en"},{"@type":"ListItem","position":2,"name":"Vicino Corso Calatafimi"}]},{"@type":"WebSite","@id":"https:\/\/www.ilgiardinodiballaro.it\/#website","url":"https:\/\/www.ilgiardinodiballaro.it\/","name":"B&B a Palermo Il Giardino di Ballar\u00f2","description":"Bed and Breakfast di charme nel centro storico di Palermo","publisher":{"@id":"https:\/\/www.ilgiardinodiballaro.it\/#organization"},"alternateName":"Il Giardino di Ballar\u00f2","potentialAction":[{"@type":"SearchAction","target":{"@type":"EntryPoint","urlTemplate":"https:\/\/www.ilgiardinodiballaro.it\/?s={search_term_string}"},"query-input":{"@type":"PropertyValueSpecification","valueRequired":true,"valueName":"search_term_string"}}],"inLanguage":"en-US"},{"@type":"Organization","@id":"https:\/\/www.ilgiardinodiballaro.it\/#organization","name":"Il Giardino di Ballar\u00f2 - B&B a Palermo","url":"https:\/\/www.ilgiardinodiballaro.it\/","logo":{"@type":"ImageObject","inLanguage":"en-US","@id":"https:\/\/www.ilgiardinodiballaro.it\/#\/schema\/logo\/image\/","url":"https:\/\/www.ilgiardinodiballaro.it\/wp-content\/uploads\/2022\/05\/logo-bb_il-giardino-di-ballar-footer.png","contentUrl":"https:\/\/www.ilgiardinodiballaro.it\/wp-content\/uploads\/2022\/05\/logo-bb_il-giardino-di-ballar-footer.png","width":800,"height":526,"caption":"Il Giardino di Ballar\u00f2 - B&B a Palermo"},"image":{"@id":"https:\/\/www.ilgiardinodiballaro.it\/#\/schema\/logo\/image\/"}}]}},"_links":{"self":[{"href":"https:\/\/www.ilgiardinodiballaro.it\/en\/wp-json\/wp\/v2\/pages\/1573","targetHints":{"allow":["GET"]}}],"collection":[{"href":"https:\/\/www.ilgiardinodiballaro.it\/en\/wp-json\/wp\/v2\/pages"}],"about":[{"href":"https:\/\/www.ilgiardinodiballaro.it\/en\/wp-json\/wp\/v2\/types\/page"}],"author":[{"embeddable":true,"href":"https:\/\/www.ilgiardinodiballaro.it\/en\/wp-json\/wp\/v2\/users\/1"}],"replies":[{"embeddable":true,"href":"https:\/\/www.ilgiardinodiballaro.it\/en\/wp-json\/wp\/v2\/comments?post=1573"}],"version-history":[{"count":5,"href":"https:\/\/www.ilgiardinodiballaro.it\/en\/wp-json\/wp\/v2\/pages\/1573\/revisions"}],"predecessor-version":[{"id":1790,"href":"https:\/\/www.ilgiardinodiballaro.it\/en\/wp-json\/wp\/v2\/pages\/1573\/revisions\/1790"}],"wp:attachment":[{"href":"https:\/\/www.ilgiardinodiballaro.it\/en\/wp-json\/wp\/v2\/media?parent=1573"}],"curies":[{"name":"wp","href":"https:\/\/api.w.org\/{rel}","templated":true}]}}